{"id":244219,"date":"2026-04-27T10:19:13","date_gmt":"2026-04-27T08:19:13","guid":{"rendered":"https:\/\/premium-homes.ch\/immobilien\/1739873it-eleganz-und-wohngefuehl-vereint\/"},"modified":"2026-04-27T19:41:02","modified_gmt":"2026-04-27T17:41:02","slug":"1739873it-eleganz-und-wohngefuehl-vereint","status":"publish","type":"casawp_property","link":"https:\/\/premium-homes.ch\/it\/immobilien\/1739873it-eleganz-und-wohngefuehl-vereint\/","title":{"rendered":"Eleganz und Wohngef\u00fchl vereint"},"content":{"rendered":"<p>Treten Sie ein in Ihr neues Bijou und sp\u00fcren Sie sofort die einladende Atmosph\u00e4re des hellen Entr\u00e9es. Der grossz\u00fcgige Wohn- und Essbereich mit raumhohen Fenstern schafft eine offene Panorama-Kulisse f\u00fcr unvergessliche Familientreffen und stilvolle Dinnerabende.<\/p>\n<p>In der separaten Essk\u00fcche mit praktischen Einbaum\u00f6beln wird das Kochen zum genussvollen Gemeinschaftsritual. Drei gem\u00fctliche Schlafzimmer bieten Ihnen individuelle R\u00fcckzugsorte &#8211; vom Familienbad \u00fcber ein kreatives Home-Office bis zum charmanten Kinderparadies.<\/p>\n<p>Wellness-Momente garantieren Ihnen das moderne Tageslichtbad mit Badewanne, separater Dusche und einem WC sowie die zus\u00e4tzliche G\u00e4stetoilette beim Eingang. Anschliessend geniessen Sie laue Sommerabende auf den zwei sonnigen Balkone &#8211; Ihr R\u00fcckzugsort \u00fcber den D\u00e4chern der Kleinstadt. Hier werden also keine W\u00fcnsche offen gelassen. Profitieren Sie und \u00fcberzeugen Sie sich selbst! Dieses PREMIUM HOMES Angebot bietet:<\/p>\n<ul>\n<li>Beste Infrastruktur<\/li>\n<li>Ruhige und zentrale Lage<\/li>\n<li>Ideales Grundrisskonzept<\/li>\n<li>Zwei Balkone vorhanden<\/li>\n<li>Unverbaubare Weitsicht<\/li>\n<li>Lichterf\u00fcllte Wohnoase (s\u00fcdlich)<\/li>\n<li>Waschmaschine in Ihrer Wohnung<\/li>\n<li>Bruttowohnfl\u00e4che 131 m\u00b2<\/li>\n<li>Nettowohnfl\u00e4che 114 m\u00b2<\/li>\n<li>1x Tiefgaragenplatz f\u00fcr 35&#8217;000.- (exkl.)<\/li>\n<li>Und vieles vieles mehr&#8230;<\/li>\n<\/ul>\n<p>Interessiert? Gerne f\u00fchren wir Sie durch eine unverbindliche Besichtigung! Sie wollen Ihr Haus oder Ihre Wohnung sorgenfrei verkaufen? Wir sagen Ihnen den aktuellen Marktwert Ihrer Immobilie, diskret und unverbindlich! Haben Sie Interesse an einem ersten unverbindlichen Gedankenaustausch? Z\u00f6gern Sie nicht und kontaktieren Sie uns. Wir freuen uns auf Sie.<\/p>\n","protected":false},"excerpt":{"rendered":"<p>Treten Sie ein in Ihr neues Bijou und sp\u00fcren Sie sofort die einladende Atmosph\u00e4re des hellen Entr\u00e9es. Der grossz\u00fcgige Wohn- und Essbereich mit raumhohen Fenstern schafft eine offene Panorama-Kulis \u2026<\/p>\n","protected":false},"author":0,"featured_media":244220,"parent":0,"menu_order":535,"comment_status":"closed","ping_status":"closed","template":"","meta":{"_acf_changed":false,"footnotes":""},"casawp_category":[705],"casawp_feature":[698],"casawp_utility":[699],"casawp_location":[702,757,1022],"casawp_salestype":[700],"casawp_availability":[701],"casawp_region":[],"class_list":["post-244219","casawp_property","type-casawp_property","status-publish","has-post-thumbnail","hentry","casawp_category-apartment","casawp_feature-has-garage","casawp_utility-residential","casawp_location-country_ch","casawp_location-region_sh","casawp_location-locality_beringen","casawp_salestype-buy","casawp_availability-active"],"acf":[],"yoast_head":"<!-- This site is optimized with the Yoast SEO plugin v27.4 - https:\/\/yoast.com\/product\/yoast-seo-wordpress\/ -->\n<title>Eleganz und Wohngef\u00fchl vereint - PREMIUM HOMES AG<\/title>\n<meta name=\"robots\" content=\"noindex, follow, max-snippet:-1, max-image-preview:large, max-video-preview:-1\" \/>\n<meta property=\"og:locale\" content=\"it_IT\" \/>\n<meta property=\"og:type\" content=\"article\" \/>\n<meta property=\"og:title\" content=\"Eleganz und Wohngef\u00fchl vereint - PREMIUM HOMES AG\" \/>\n<meta property=\"og:description\" content=\"Treten Sie ein in Ihr neues Bijou und sp\u00fcren Sie sofort die einladende Atmosph\u00e4re des hellen Entr\u00e9es. Der grossz\u00fcgige Wohn- und Essbereich mit raumhohen Fenstern schafft eine offene Panorama-Kulis \u2026\" \/>\n<meta property=\"og:url\" content=\"https:\/\/premium-homes.ch\/it\/immobilien\/1739873it-eleganz-und-wohngefuehl-vereint\/\" \/>\n<meta property=\"og:site_name\" content=\"PREMIUM HOMES AG\" \/>\n<meta property=\"article:publisher\" content=\"https:\/\/www.facebook.com\/PREMIUMHOMESAG\/\" \/>\n<meta property=\"article:modified_time\" content=\"2026-04-27T17:41:02+00:00\" \/>\n<meta name=\"twitter:card\" content=\"summary_large_image\" \/>\n<meta name=\"twitter:label1\" content=\"Tempo di lettura stimato\" \/>\n\t<meta name=\"twitter:data1\" content=\"1 minuto\" \/>\n<script type=\"application\/ld+json\" class=\"yoast-schema-graph\">{\"@context\":\"https:\\\/\\\/schema.org\",\"@graph\":[{\"@type\":\"WebPage\",\"@id\":\"https:\\\/\\\/premium-homes.ch\\\/it\\\/immobilien\\\/1739873it-eleganz-und-wohngefuehl-vereint\\\/\",\"url\":\"https:\\\/\\\/premium-homes.ch\\\/it\\\/immobilien\\\/1739873it-eleganz-und-wohngefuehl-vereint\\\/\",\"name\":\"Eleganz und Wohngef\u00fchl vereint - PREMIUM HOMES AG\",\"isPartOf\":{\"@id\":\"https:\\\/\\\/premium-homes.ch\\\/it\\\/#website\"},\"primaryImageOfPage\":{\"@id\":\"https:\\\/\\\/premium-homes.ch\\\/it\\\/immobilien\\\/1739873it-eleganz-und-wohngefuehl-vereint\\\/#primaryimage\"},\"image\":{\"@id\":\"https:\\\/\\\/premium-homes.ch\\\/it\\\/immobilien\\\/1739873it-eleganz-und-wohngefuehl-vereint\\\/#primaryimage\"},\"thumbnailUrl\":\"https:\\\/\\\/cdn.casasoft.com\\\/media\\\/provider-11189\\\/property-1703141\\\/30A9CB14E49E2790D23ACB16EC6BA76EC7DE982B.jpeg?p=xl\",\"datePublished\":\"2026-04-27T08:19:13+00:00\",\"dateModified\":\"2026-04-27T17:41:02+00:00\",\"breadcrumb\":{\"@id\":\"https:\\\/\\\/premium-homes.ch\\\/it\\\/immobilien\\\/1739873it-eleganz-und-wohngefuehl-vereint\\\/#breadcrumb\"},\"inLanguage\":\"it-IT\",\"potentialAction\":[{\"@type\":\"ReadAction\",\"target\":[\"https:\\\/\\\/premium-homes.ch\\\/it\\\/immobilien\\\/1739873it-eleganz-und-wohngefuehl-vereint\\\/\"]}]},{\"@type\":\"ImageObject\",\"inLanguage\":\"it-IT\",\"@id\":\"https:\\\/\\\/premium-homes.ch\\\/it\\\/immobilien\\\/1739873it-eleganz-und-wohngefuehl-vereint\\\/#primaryimage\",\"url\":\"https:\\\/\\\/cdn.casasoft.com\\\/media\\\/provider-11189\\\/property-1703141\\\/30A9CB14E49E2790D23ACB16EC6BA76EC7DE982B.jpeg?p=xl\",\"contentUrl\":\"https:\\\/\\\/cdn.casasoft.com\\\/media\\\/provider-11189\\\/property-1703141\\\/30A9CB14E49E2790D23ACB16EC6BA76EC7DE982B.jpeg?p=xl\"},{\"@type\":\"BreadcrumbList\",\"@id\":\"https:\\\/\\\/premium-homes.ch\\\/it\\\/immobilien\\\/1739873it-eleganz-und-wohngefuehl-vereint\\\/#breadcrumb\",\"itemListElement\":[{\"@type\":\"ListItem\",\"position\":1,\"name\":\"Home\",\"item\":\"https:\\\/\\\/premium-homes.ch\\\/it\\\/\"},{\"@type\":\"ListItem\",\"position\":2,\"name\":\"Propriet\u00e0\",\"item\":\"https:\\\/\\\/premium-homes.ch\\\/it\\\/immobilien\\\/\"},{\"@type\":\"ListItem\",\"position\":3,\"name\":\"Eleganz und Wohngef\u00fchl vereint\"}]},{\"@type\":\"WebSite\",\"@id\":\"https:\\\/\\\/premium-homes.ch\\\/it\\\/#website\",\"url\":\"https:\\\/\\\/premium-homes.ch\\\/it\\\/\",\"name\":\"PREMIUM HOMES AG\",\"description\":\"PREMIUM HOMES AG in Gerlafingen und Baar\",\"publisher\":{\"@id\":\"https:\\\/\\\/premium-homes.ch\\\/it\\\/#organization\"},\"potentialAction\":[{\"@type\":\"SearchAction\",\"target\":{\"@type\":\"EntryPoint\",\"urlTemplate\":\"https:\\\/\\\/premium-homes.ch\\\/it\\\/?s={search_term_string}\"},\"query-input\":{\"@type\":\"PropertyValueSpecification\",\"valueRequired\":true,\"valueName\":\"search_term_string\"}}],\"inLanguage\":\"it-IT\"},{\"@type\":\"Organization\",\"@id\":\"https:\\\/\\\/premium-homes.ch\\\/it\\\/#organization\",\"name\":\"PREMIUM HOMES AG\",\"url\":\"https:\\\/\\\/premium-homes.ch\\\/it\\\/\",\"logo\":{\"@type\":\"ImageObject\",\"inLanguage\":\"it-IT\",\"@id\":\"https:\\\/\\\/premium-homes.ch\\\/it\\\/#\\\/schema\\\/logo\\\/image\\\/\",\"url\":\"https:\\\/\\\/premium-homes.ch\\\/wp-content\\\/uploads\\\/2025\\\/11\\\/logo-1.svg\",\"contentUrl\":\"https:\\\/\\\/premium-homes.ch\\\/wp-content\\\/uploads\\\/2025\\\/11\\\/logo-1.svg\",\"width\":1,\"height\":1,\"caption\":\"PREMIUM HOMES AG\"},\"image\":{\"@id\":\"https:\\\/\\\/premium-homes.ch\\\/it\\\/#\\\/schema\\\/logo\\\/image\\\/\"},\"sameAs\":[\"https:\\\/\\\/www.facebook.com\\\/PREMIUMHOMESAG\\\/\",\"https:\\\/\\\/www.linkedin.com\\\/company\\\/premium-homes-ag\\\/\",\"https:\\\/\\\/www.instagram.com\\\/premiumhomesag\\\/\",\"https:\\\/\\\/www.tiktok.com\\\/@premiumhomesag\",\"https:\\\/\\\/www.youtube.com\\\/@premiumhomesag73\"]}]}<\/script>\n<!-- \/ Yoast SEO plugin. -->","yoast_head_json":{"title":"Eleganz und Wohngef\u00fchl vereint - PREMIUM HOMES AG","robots":{"index":"noindex","follow":"follow","max-snippet":"max-snippet:-1","max-image-preview":"max-image-preview:large","max-video-preview":"max-video-preview:-1"},"og_locale":"it_IT","og_type":"article","og_title":"Eleganz und Wohngef\u00fchl vereint - PREMIUM HOMES AG","og_description":"Treten Sie ein in Ihr neues Bijou und sp\u00fcren Sie sofort die einladende Atmosph\u00e4re des hellen Entr\u00e9es. Der grossz\u00fcgige Wohn- und Essbereich mit raumhohen Fenstern schafft eine offene Panorama-Kulis \u2026","og_url":"https:\/\/premium-homes.ch\/it\/immobilien\/1739873it-eleganz-und-wohngefuehl-vereint\/","og_site_name":"PREMIUM HOMES AG","article_publisher":"https:\/\/www.facebook.com\/PREMIUMHOMESAG\/","article_modified_time":"2026-04-27T17:41:02+00:00","twitter_card":"summary_large_image","twitter_misc":{"Tempo di lettura stimato":"1 minuto"},"schema":{"@context":"https:\/\/schema.org","@graph":[{"@type":"WebPage","@id":"https:\/\/premium-homes.ch\/it\/immobilien\/1739873it-eleganz-und-wohngefuehl-vereint\/","url":"https:\/\/premium-homes.ch\/it\/immobilien\/1739873it-eleganz-und-wohngefuehl-vereint\/","name":"Eleganz und Wohngef\u00fchl vereint - PREMIUM HOMES AG","isPartOf":{"@id":"https:\/\/premium-homes.ch\/it\/#website"},"primaryImageOfPage":{"@id":"https:\/\/premium-homes.ch\/it\/immobilien\/1739873it-eleganz-und-wohngefuehl-vereint\/#primaryimage"},"image":{"@id":"https:\/\/premium-homes.ch\/it\/immobilien\/1739873it-eleganz-und-wohngefuehl-vereint\/#primaryimage"},"thumbnailUrl":"https:\/\/cdn.casasoft.com\/media\/provider-11189\/property-1703141\/30A9CB14E49E2790D23ACB16EC6BA76EC7DE982B.jpeg?p=xl","datePublished":"2026-04-27T08:19:13+00:00","dateModified":"2026-04-27T17:41:02+00:00","breadcrumb":{"@id":"https:\/\/premium-homes.ch\/it\/immobilien\/1739873it-eleganz-und-wohngefuehl-vereint\/#breadcrumb"},"inLanguage":"it-IT","potentialAction":[{"@type":"ReadAction","target":["https:\/\/premium-homes.ch\/it\/immobilien\/1739873it-eleganz-und-wohngefuehl-vereint\/"]}]},{"@type":"ImageObject","inLanguage":"it-IT","@id":"https:\/\/premium-homes.ch\/it\/immobilien\/1739873it-eleganz-und-wohngefuehl-vereint\/#primaryimage","url":"https:\/\/cdn.casasoft.com\/media\/provider-11189\/property-1703141\/30A9CB14E49E2790D23ACB16EC6BA76EC7DE982B.jpeg?p=xl","contentUrl":"https:\/\/cdn.casasoft.com\/media\/provider-11189\/property-1703141\/30A9CB14E49E2790D23ACB16EC6BA76EC7DE982B.jpeg?p=xl"},{"@type":"BreadcrumbList","@id":"https:\/\/premium-homes.ch\/it\/immobilien\/1739873it-eleganz-und-wohngefuehl-vereint\/#breadcrumb","itemListElement":[{"@type":"ListItem","position":1,"name":"Home","item":"https:\/\/premium-homes.ch\/it\/"},{"@type":"ListItem","position":2,"name":"Propriet\u00e0","item":"https:\/\/premium-homes.ch\/it\/immobilien\/"},{"@type":"ListItem","position":3,"name":"Eleganz und Wohngef\u00fchl vereint"}]},{"@type":"WebSite","@id":"https:\/\/premium-homes.ch\/it\/#website","url":"https:\/\/premium-homes.ch\/it\/","name":"PREMIUM HOMES AG","description":"PREMIUM HOMES AG in Gerlafingen und Baar","publisher":{"@id":"https:\/\/premium-homes.ch\/it\/#organization"},"potentialAction":[{"@type":"SearchAction","target":{"@type":"EntryPoint","urlTemplate":"https:\/\/premium-homes.ch\/it\/?s={search_term_string}"},"query-input":{"@type":"PropertyValueSpecification","valueRequired":true,"valueName":"search_term_string"}}],"inLanguage":"it-IT"},{"@type":"Organization","@id":"https:\/\/premium-homes.ch\/it\/#organization","name":"PREMIUM HOMES AG","url":"https:\/\/premium-homes.ch\/it\/","logo":{"@type":"ImageObject","inLanguage":"it-IT","@id":"https:\/\/premium-homes.ch\/it\/#\/schema\/logo\/image\/","url":"https:\/\/premium-homes.ch\/wp-content\/uploads\/2025\/11\/logo-1.svg","contentUrl":"https:\/\/premium-homes.ch\/wp-content\/uploads\/2025\/11\/logo-1.svg","width":1,"height":1,"caption":"PREMIUM HOMES AG"},"image":{"@id":"https:\/\/premium-homes.ch\/it\/#\/schema\/logo\/image\/"},"sameAs":["https:\/\/www.facebook.com\/PREMIUMHOMESAG\/","https:\/\/www.linkedin.com\/company\/premium-homes-ag\/","https:\/\/www.instagram.com\/premiumhomesag\/","https:\/\/www.tiktok.com\/@premiumhomesag","https:\/\/www.youtube.com\/@premiumhomesag73"]}]}},"_links":{"self":[{"href":"https:\/\/premium-homes.ch\/it\/wp-json\/wp\/v2\/casawp_property\/244219","targetHints":{"allow":["GET"]}}],"collection":[{"href":"https:\/\/premium-homes.ch\/it\/wp-json\/wp\/v2\/casawp_property"}],"about":[{"href":"https:\/\/premium-homes.ch\/it\/wp-json\/wp\/v2\/types\/casawp_property"}],"replies":[{"embeddable":true,"href":"https:\/\/premium-homes.ch\/it\/wp-json\/wp\/v2\/comments?post=244219"}],"version-history":[{"count":0,"href":"https:\/\/premium-homes.ch\/it\/wp-json\/wp\/v2\/casawp_property\/244219\/revisions"}],"wp:featuredmedia":[{"embeddable":true,"href":"https:\/\/premium-homes.ch\/it\/wp-json\/wp\/v2\/media\/244220"}],"wp:attachment":[{"href":"https:\/\/premium-homes.ch\/it\/wp-json\/wp\/v2\/media?parent=244219"}],"wp:term":[{"taxonomy":"casawp_category","embeddable":true,"href":"https:\/\/premium-homes.ch\/it\/wp-json\/wp\/v2\/casawp_category?post=244219"},{"taxonomy":"casawp_feature","embeddable":true,"href":"https:\/\/premium-homes.ch\/it\/wp-json\/wp\/v2\/casawp_feature?post=244219"},{"taxonomy":"casawp_utility","embeddable":true,"href":"https:\/\/premium-homes.ch\/it\/wp-json\/wp\/v2\/casawp_utility?post=244219"},{"taxonomy":"casawp_location","embeddable":true,"href":"https:\/\/premium-homes.ch\/it\/wp-json\/wp\/v2\/casawp_location?post=244219"},{"taxonomy":"casawp_salestype","embeddable":true,"href":"https:\/\/premium-homes.ch\/it\/wp-json\/wp\/v2\/casawp_salestype?post=244219"},{"taxonomy":"casawp_availability","embeddable":true,"href":"https:\/\/premium-homes.ch\/it\/wp-json\/wp\/v2\/casawp_availability?post=244219"},{"taxonomy":"casawp_region","embeddable":true,"href":"https:\/\/premium-homes.ch\/it\/wp-json\/wp\/v2\/casawp_region?post=244219"}],"curies":[{"name":"wp","href":"https:\/\/api.w.org\/{rel}","templated":true}]}}