{"id":228330,"date":"2026-04-24T18:11:29","date_gmt":"2026-04-24T16:11:29","guid":{"rendered":"https:\/\/premium-homes.ch\/immobilien\/1738812it-zeit-fuer-eine-neue-perspektive-the-metropolitans-tower\/"},"modified":"2026-04-27T17:59:54","modified_gmt":"2026-04-27T15:59:54","slug":"1738812it-zeit-fuer-eine-neue-perspektive-the-metropolitans-tower","status":"publish","type":"casawp_property","link":"https:\/\/premium-homes.ch\/it\/immobilien\/1738812it-zeit-fuer-eine-neue-perspektive-the-metropolitans-tower\/","title":{"rendered":"Zeit f\u00fcr eine neue Perspektive &#8211; The Metropolitans Tower!"},"content":{"rendered":"<p>Dieses exklusive City-Apartment vereint Lage, Komfort und Privatsph\u00e4re wie kein zweites. Das &#8220;The Metropolitans&#8221; Areal zeigt schweizweit, was urbanes Wohnen tats\u00e4chlich heisst, und erf\u00fcllt Wohnanspr\u00fcche in jeder Hinsicht.<\/p>\n<p>Zwei Aussenfassaden dieser Eckwohnung sorgen f\u00fcr viel Licht, Weite und ein grossartiges Raumgef\u00fchl. Die Terrasse mit knapp 180\u00b0-Aussicht erweitert den Wohnraum nochmals immens nach draussen, schenkt Ihnen Entspannung, Weite und Sonnenunterg\u00e4nge.<\/p>\n<p>Der Innenausbau ist kompromisslos hochwertig: Fischgr\u00e4tenparkett, eine wundersch\u00f6ne Bulthaupk\u00fcche und raumhohe T\u00fcren schaffen ein klares, modernes Raumgef\u00fchl. Das &#8220;The Metropolitans&#8221; Ensemble bietet Service auf hohem Niveau, ein unverwechselbares Design, stilvolle Gemeinschaftsbereiche und eine Sky Lounge als absolutes Highlight.<\/p>\n<p>Das hier ist ein Ort f\u00fcr ein unkompliziertes Leben: Ankommen, abschliessen, und der Fokus kann sofort ganz auf Ihrer Arbeit, Ihrem Leben und Ihrer Freiheit liegen.<\/p>\n<p>Kurz gesagt: ikonisch, ruhig, hochwertig &#8211; ein wahres Z\u00fcrcher Wohnstatement mit internationalem Anspruch.  Hier werden also keine W\u00fcnsche offen gelassen. Profitieren Sie und \u00fcberzeugen Sie sich selbst! Dieses PREMIUM HOMES Angebot bietet:<\/p>\n<ul>\n<li>Toplage in Z\u00fcrich<\/li>\n<li>7 Autominuten vom Flughafen Z\u00fcrich<\/li>\n<li>14 Autominuten vom ETH H\u00f6nggerberg Campus<\/li>\n<li>Fantastische Weitsicht (Eckwohnung)<\/li>\n<li>Knapp 30 m\u00b2 grosses Wohnzimmer<\/li>\n<li>36 m\u00b2 Terrasse \/ Loggia<\/li>\n<li>Hohe Privatsph\u00e4re<\/li>\n<li>Hohe Decken<\/li>\n<li>Bodentiefe Fenster<\/li>\n<li>Raumhohe T\u00fcren<\/li>\n<li>Bulthaupk\u00fcche<\/li>\n<li>Fischgr\u00e4tenparkett<\/li>\n<li>Schlafzimmer mit Bad en suite<\/li>\n<li>Badezimmer mit barrierefreier Dusche und Badewanne<\/li>\n<li>Valentino-Details bei den Badezimmerblatten<\/li>\n<li>Repr\u00e4sentatives Wohn-Branding<\/li>\n<li>Sky Lounge \/ Dachterrasse zur Mitben\u00fctzung<\/li>\n<li>Hochwertiger Wohnservice<\/li>\n<li>Waschturm in der Wohnung<\/li>\n<li>Grossz\u00fcgige Garderobe<\/li>\n<\/ul>\n<p>Interessiert? Gerne f\u00fchren wir Sie durch eine unverbindliche Besichtigung! Sie wollen Ihr Haus oder Ihre Wohnung sorgenfrei verkaufen? Wir sagen Ihnen den aktuellen Marktwert Ihrer Immobilie, diskret und unverbindlich! Haben Sie Interesse an einem ersten unverbindlichen Gedankenaustausch? Z\u00f6gern Sie nicht und kontaktieren Sie uns. Wir freuen uns auf Sie.<\/p>\n","protected":false},"excerpt":{"rendered":"<p>Dieses exklusive City-Apartment vereint Lage, Komfort und Privatsph\u00e4re wie kein zweites. Das &quot;The Metropolitans&quot; Areal zeigt schweizweit, was urbanes Wohnen tats\u00e4chlich heisst, und erf\u00fcllt Wohnansp \u2026<\/p>\n","protected":false},"author":0,"featured_media":228331,"parent":0,"menu_order":118,"comment_status":"closed","ping_status":"closed","template":"","meta":{"_acf_changed":false,"footnotes":""},"casawp_category":[705],"casawp_feature":[706,707,747],"casawp_utility":[699],"casawp_location":[702,716,805],"casawp_salestype":[700],"casawp_availability":[701],"casawp_region":[],"class_list":["post-228330","casawp_property","type-casawp_property","status-publish","has-post-thumbnail","hentry","casawp_category-apartment","casawp_feature-has-elevator","casawp_feature-is-wheelchair-accessible","casawp_feature-has-balcony","casawp_utility-residential","casawp_location-country_ch","casawp_location-region_zh","casawp_location-locality_zuerich","casawp_salestype-buy","casawp_availability-active"],"acf":[],"yoast_head":"<!-- This site is optimized with the Yoast SEO plugin v27.4 - https:\/\/yoast.com\/product\/yoast-seo-wordpress\/ -->\n<title>Zeit f\u00fcr eine neue Perspektive - The Metropolitans Tower! - PREMIUM HOMES AG<\/title>\n<meta name=\"robots\" content=\"noindex, follow, max-snippet:-1, max-image-preview:large, max-video-preview:-1\" \/>\n<meta property=\"og:locale\" content=\"it_IT\" \/>\n<meta property=\"og:type\" content=\"article\" \/>\n<meta property=\"og:title\" content=\"Zeit f\u00fcr eine neue Perspektive - The Metropolitans Tower! - PREMIUM HOMES AG\" \/>\n<meta property=\"og:description\" content=\"Dieses exklusive City-Apartment vereint Lage, Komfort und Privatsph\u00e4re wie kein zweites. Das &quot;The Metropolitans&quot; Areal zeigt schweizweit, was urbanes Wohnen tats\u00e4chlich heisst, und erf\u00fcllt Wohnansp \u2026\" \/>\n<meta property=\"og:url\" content=\"https:\/\/premium-homes.ch\/it\/immobilien\/1738812it-zeit-fuer-eine-neue-perspektive-the-metropolitans-tower\/\" \/>\n<meta property=\"og:site_name\" content=\"PREMIUM HOMES AG\" \/>\n<meta property=\"article:publisher\" content=\"https:\/\/www.facebook.com\/PREMIUMHOMESAG\/\" \/>\n<meta property=\"article:modified_time\" content=\"2026-04-27T15:59:54+00:00\" \/>\n<meta name=\"twitter:card\" content=\"summary_large_image\" \/>\n<meta name=\"twitter:label1\" content=\"Tempo di lettura stimato\" \/>\n\t<meta name=\"twitter:data1\" content=\"1 minuto\" \/>\n<script type=\"application\/ld+json\" class=\"yoast-schema-graph\">{\"@context\":\"https:\\\/\\\/schema.org\",\"@graph\":[{\"@type\":\"WebPage\",\"@id\":\"https:\\\/\\\/premium-homes.ch\\\/it\\\/immobilien\\\/1738812it-zeit-fuer-eine-neue-perspektive-the-metropolitans-tower\\\/\",\"url\":\"https:\\\/\\\/premium-homes.ch\\\/it\\\/immobilien\\\/1738812it-zeit-fuer-eine-neue-perspektive-the-metropolitans-tower\\\/\",\"name\":\"Zeit f\u00fcr eine neue Perspektive - The Metropolitans Tower! - PREMIUM HOMES AG\",\"isPartOf\":{\"@id\":\"https:\\\/\\\/premium-homes.ch\\\/it\\\/#website\"},\"primaryImageOfPage\":{\"@id\":\"https:\\\/\\\/premium-homes.ch\\\/it\\\/immobilien\\\/1738812it-zeit-fuer-eine-neue-perspektive-the-metropolitans-tower\\\/#primaryimage\"},\"image\":{\"@id\":\"https:\\\/\\\/premium-homes.ch\\\/it\\\/immobilien\\\/1738812it-zeit-fuer-eine-neue-perspektive-the-metropolitans-tower\\\/#primaryimage\"},\"thumbnailUrl\":\"https:\\\/\\\/cdn.casasoft.com\\\/media\\\/provider-11189\\\/property-1738812\\\/CBC74DE58682F15C7A9245AAD1A4280F770D4886.jpeg?p=xl\",\"datePublished\":\"2026-04-24T16:11:29+00:00\",\"dateModified\":\"2026-04-27T15:59:54+00:00\",\"breadcrumb\":{\"@id\":\"https:\\\/\\\/premium-homes.ch\\\/it\\\/immobilien\\\/1738812it-zeit-fuer-eine-neue-perspektive-the-metropolitans-tower\\\/#breadcrumb\"},\"inLanguage\":\"it-IT\",\"potentialAction\":[{\"@type\":\"ReadAction\",\"target\":[\"https:\\\/\\\/premium-homes.ch\\\/it\\\/immobilien\\\/1738812it-zeit-fuer-eine-neue-perspektive-the-metropolitans-tower\\\/\"]}]},{\"@type\":\"ImageObject\",\"inLanguage\":\"it-IT\",\"@id\":\"https:\\\/\\\/premium-homes.ch\\\/it\\\/immobilien\\\/1738812it-zeit-fuer-eine-neue-perspektive-the-metropolitans-tower\\\/#primaryimage\",\"url\":\"https:\\\/\\\/cdn.casasoft.com\\\/media\\\/provider-11189\\\/property-1738812\\\/CBC74DE58682F15C7A9245AAD1A4280F770D4886.jpeg?p=xl\",\"contentUrl\":\"https:\\\/\\\/cdn.casasoft.com\\\/media\\\/provider-11189\\\/property-1738812\\\/CBC74DE58682F15C7A9245AAD1A4280F770D4886.jpeg?p=xl\"},{\"@type\":\"BreadcrumbList\",\"@id\":\"https:\\\/\\\/premium-homes.ch\\\/it\\\/immobilien\\\/1738812it-zeit-fuer-eine-neue-perspektive-the-metropolitans-tower\\\/#breadcrumb\",\"itemListElement\":[{\"@type\":\"ListItem\",\"position\":1,\"name\":\"Home\",\"item\":\"https:\\\/\\\/premium-homes.ch\\\/it\\\/\"},{\"@type\":\"ListItem\",\"position\":2,\"name\":\"Propriet\u00e0\",\"item\":\"https:\\\/\\\/premium-homes.ch\\\/it\\\/immobilien\\\/\"},{\"@type\":\"ListItem\",\"position\":3,\"name\":\"Zeit f\u00fcr eine neue Perspektive &#8211; The Metropolitans Tower!\"}]},{\"@type\":\"WebSite\",\"@id\":\"https:\\\/\\\/premium-homes.ch\\\/it\\\/#website\",\"url\":\"https:\\\/\\\/premium-homes.ch\\\/it\\\/\",\"name\":\"PREMIUM HOMES AG\",\"description\":\"PREMIUM HOMES AG in Gerlafingen und Baar\",\"publisher\":{\"@id\":\"https:\\\/\\\/premium-homes.ch\\\/it\\\/#organization\"},\"potentialAction\":[{\"@type\":\"SearchAction\",\"target\":{\"@type\":\"EntryPoint\",\"urlTemplate\":\"https:\\\/\\\/premium-homes.ch\\\/it\\\/?s={search_term_string}\"},\"query-input\":{\"@type\":\"PropertyValueSpecification\",\"valueRequired\":true,\"valueName\":\"search_term_string\"}}],\"inLanguage\":\"it-IT\"},{\"@type\":\"Organization\",\"@id\":\"https:\\\/\\\/premium-homes.ch\\\/it\\\/#organization\",\"name\":\"PREMIUM HOMES AG\",\"url\":\"https:\\\/\\\/premium-homes.ch\\\/it\\\/\",\"logo\":{\"@type\":\"ImageObject\",\"inLanguage\":\"it-IT\",\"@id\":\"https:\\\/\\\/premium-homes.ch\\\/it\\\/#\\\/schema\\\/logo\\\/image\\\/\",\"url\":\"https:\\\/\\\/premium-homes.ch\\\/wp-content\\\/uploads\\\/2025\\\/11\\\/logo-1.svg\",\"contentUrl\":\"https:\\\/\\\/premium-homes.ch\\\/wp-content\\\/uploads\\\/2025\\\/11\\\/logo-1.svg\",\"width\":1,\"height\":1,\"caption\":\"PREMIUM HOMES AG\"},\"image\":{\"@id\":\"https:\\\/\\\/premium-homes.ch\\\/it\\\/#\\\/schema\\\/logo\\\/image\\\/\"},\"sameAs\":[\"https:\\\/\\\/www.facebook.com\\\/PREMIUMHOMESAG\\\/\",\"https:\\\/\\\/www.linkedin.com\\\/company\\\/premium-homes-ag\\\/\",\"https:\\\/\\\/www.instagram.com\\\/premiumhomesag\\\/\",\"https:\\\/\\\/www.tiktok.com\\\/@premiumhomesag\",\"https:\\\/\\\/www.youtube.com\\\/@premiumhomesag73\"]}]}<\/script>\n<!-- \/ Yoast SEO plugin. -->","yoast_head_json":{"title":"Zeit f\u00fcr eine neue Perspektive - The Metropolitans Tower! - PREMIUM HOMES AG","robots":{"index":"noindex","follow":"follow","max-snippet":"max-snippet:-1","max-image-preview":"max-image-preview:large","max-video-preview":"max-video-preview:-1"},"og_locale":"it_IT","og_type":"article","og_title":"Zeit f\u00fcr eine neue Perspektive - The Metropolitans Tower! - PREMIUM HOMES AG","og_description":"Dieses exklusive City-Apartment vereint Lage, Komfort und Privatsph\u00e4re wie kein zweites. Das &quot;The Metropolitans&quot; Areal zeigt schweizweit, was urbanes Wohnen tats\u00e4chlich heisst, und erf\u00fcllt Wohnansp \u2026","og_url":"https:\/\/premium-homes.ch\/it\/immobilien\/1738812it-zeit-fuer-eine-neue-perspektive-the-metropolitans-tower\/","og_site_name":"PREMIUM HOMES AG","article_publisher":"https:\/\/www.facebook.com\/PREMIUMHOMESAG\/","article_modified_time":"2026-04-27T15:59:54+00:00","twitter_card":"summary_large_image","twitter_misc":{"Tempo di lettura stimato":"1 minuto"},"schema":{"@context":"https:\/\/schema.org","@graph":[{"@type":"WebPage","@id":"https:\/\/premium-homes.ch\/it\/immobilien\/1738812it-zeit-fuer-eine-neue-perspektive-the-metropolitans-tower\/","url":"https:\/\/premium-homes.ch\/it\/immobilien\/1738812it-zeit-fuer-eine-neue-perspektive-the-metropolitans-tower\/","name":"Zeit f\u00fcr eine neue Perspektive - The Metropolitans Tower! - PREMIUM HOMES AG","isPartOf":{"@id":"https:\/\/premium-homes.ch\/it\/#website"},"primaryImageOfPage":{"@id":"https:\/\/premium-homes.ch\/it\/immobilien\/1738812it-zeit-fuer-eine-neue-perspektive-the-metropolitans-tower\/#primaryimage"},"image":{"@id":"https:\/\/premium-homes.ch\/it\/immobilien\/1738812it-zeit-fuer-eine-neue-perspektive-the-metropolitans-tower\/#primaryimage"},"thumbnailUrl":"https:\/\/cdn.casasoft.com\/media\/provider-11189\/property-1738812\/CBC74DE58682F15C7A9245AAD1A4280F770D4886.jpeg?p=xl","datePublished":"2026-04-24T16:11:29+00:00","dateModified":"2026-04-27T15:59:54+00:00","breadcrumb":{"@id":"https:\/\/premium-homes.ch\/it\/immobilien\/1738812it-zeit-fuer-eine-neue-perspektive-the-metropolitans-tower\/#breadcrumb"},"inLanguage":"it-IT","potentialAction":[{"@type":"ReadAction","target":["https:\/\/premium-homes.ch\/it\/immobilien\/1738812it-zeit-fuer-eine-neue-perspektive-the-metropolitans-tower\/"]}]},{"@type":"ImageObject","inLanguage":"it-IT","@id":"https:\/\/premium-homes.ch\/it\/immobilien\/1738812it-zeit-fuer-eine-neue-perspektive-the-metropolitans-tower\/#primaryimage","url":"https:\/\/cdn.casasoft.com\/media\/provider-11189\/property-1738812\/CBC74DE58682F15C7A9245AAD1A4280F770D4886.jpeg?p=xl","contentUrl":"https:\/\/cdn.casasoft.com\/media\/provider-11189\/property-1738812\/CBC74DE58682F15C7A9245AAD1A4280F770D4886.jpeg?p=xl"},{"@type":"BreadcrumbList","@id":"https:\/\/premium-homes.ch\/it\/immobilien\/1738812it-zeit-fuer-eine-neue-perspektive-the-metropolitans-tower\/#breadcrumb","itemListElement":[{"@type":"ListItem","position":1,"name":"Home","item":"https:\/\/premium-homes.ch\/it\/"},{"@type":"ListItem","position":2,"name":"Propriet\u00e0","item":"https:\/\/premium-homes.ch\/it\/immobilien\/"},{"@type":"ListItem","position":3,"name":"Zeit f\u00fcr eine neue Perspektive &#8211; The Metropolitans Tower!"}]},{"@type":"WebSite","@id":"https:\/\/premium-homes.ch\/it\/#website","url":"https:\/\/premium-homes.ch\/it\/","name":"PREMIUM HOMES AG","description":"PREMIUM HOMES AG in Gerlafingen und Baar","publisher":{"@id":"https:\/\/premium-homes.ch\/it\/#organization"},"potentialAction":[{"@type":"SearchAction","target":{"@type":"EntryPoint","urlTemplate":"https:\/\/premium-homes.ch\/it\/?s={search_term_string}"},"query-input":{"@type":"PropertyValueSpecification","valueRequired":true,"valueName":"search_term_string"}}],"inLanguage":"it-IT"},{"@type":"Organization","@id":"https:\/\/premium-homes.ch\/it\/#organization","name":"PREMIUM HOMES AG","url":"https:\/\/premium-homes.ch\/it\/","logo":{"@type":"ImageObject","inLanguage":"it-IT","@id":"https:\/\/premium-homes.ch\/it\/#\/schema\/logo\/image\/","url":"https:\/\/premium-homes.ch\/wp-content\/uploads\/2025\/11\/logo-1.svg","contentUrl":"https:\/\/premium-homes.ch\/wp-content\/uploads\/2025\/11\/logo-1.svg","width":1,"height":1,"caption":"PREMIUM HOMES AG"},"image":{"@id":"https:\/\/premium-homes.ch\/it\/#\/schema\/logo\/image\/"},"sameAs":["https:\/\/www.facebook.com\/PREMIUMHOMESAG\/","https:\/\/www.linkedin.com\/company\/premium-homes-ag\/","https:\/\/www.instagram.com\/premiumhomesag\/","https:\/\/www.tiktok.com\/@premiumhomesag","https:\/\/www.youtube.com\/@premiumhomesag73"]}]}},"_links":{"self":[{"href":"https:\/\/premium-homes.ch\/it\/wp-json\/wp\/v2\/casawp_property\/228330","targetHints":{"allow":["GET"]}}],"collection":[{"href":"https:\/\/premium-homes.ch\/it\/wp-json\/wp\/v2\/casawp_property"}],"about":[{"href":"https:\/\/premium-homes.ch\/it\/wp-json\/wp\/v2\/types\/casawp_property"}],"replies":[{"embeddable":true,"href":"https:\/\/premium-homes.ch\/it\/wp-json\/wp\/v2\/comments?post=228330"}],"version-history":[{"count":0,"href":"https:\/\/premium-homes.ch\/it\/wp-json\/wp\/v2\/casawp_property\/228330\/revisions"}],"wp:featuredmedia":[{"embeddable":true,"href":"https:\/\/premium-homes.ch\/it\/wp-json\/wp\/v2\/media\/228331"}],"wp:attachment":[{"href":"https:\/\/premium-homes.ch\/it\/wp-json\/wp\/v2\/media?parent=228330"}],"wp:term":[{"taxonomy":"casawp_category","embeddable":true,"href":"https:\/\/premium-homes.ch\/it\/wp-json\/wp\/v2\/casawp_category?post=228330"},{"taxonomy":"casawp_feature","embeddable":true,"href":"https:\/\/premium-homes.ch\/it\/wp-json\/wp\/v2\/casawp_feature?post=228330"},{"taxonomy":"casawp_utility","embeddable":true,"href":"https:\/\/premium-homes.ch\/it\/wp-json\/wp\/v2\/casawp_utility?post=228330"},{"taxonomy":"casawp_location","embeddable":true,"href":"https:\/\/premium-homes.ch\/it\/wp-json\/wp\/v2\/casawp_location?post=228330"},{"taxonomy":"casawp_salestype","embeddable":true,"href":"https:\/\/premium-homes.ch\/it\/wp-json\/wp\/v2\/casawp_salestype?post=228330"},{"taxonomy":"casawp_availability","embeddable":true,"href":"https:\/\/premium-homes.ch\/it\/wp-json\/wp\/v2\/casawp_availability?post=228330"},{"taxonomy":"casawp_region","embeddable":true,"href":"https:\/\/premium-homes.ch\/it\/wp-json\/wp\/v2\/casawp_region?post=228330"}],"curies":[{"name":"wp","href":"https:\/\/api.w.org\/{rel}","templated":true}]}}