{"id":349122,"date":"2026-09-03T20:53:19","date_gmt":"2026-09-03T18:53:19","guid":{"rendered":"https:\/\/premium-homes.ch\/immobilien\/1793940en-vie-de-famille-jardin-et-tranquillite\/"},"modified":"2026-09-04T23:18:49","modified_gmt":"2026-09-04T21:18:49","slug":"1793940en-vie-de-famille-jardin-et-tranquillite","status":"publish","type":"casawp_property","link":"https:\/\/premium-homes.ch\/en\/immobilien\/1793940en-vie-de-famille-jardin-et-tranquillite\/","title":{"rendered":"Vie de famille, jardin et tranquillit\u00e9"},"content":{"rendered":"<p>Cette maison jumel\u00e9e s\u00e9duit par ses volumes g\u00e9n\u00e9reux, sa conception familiale et son remarquable potentiel d&#8217;\u00e9volution. Le rez-de-chauss\u00e9e r\u00e9unit une cuisine avec plan de travail en granit, un s\u00e9jour agr\u00e9ment\u00e9 d&#8217;un po\u00eale su\u00e9dois, une salle de bain ainsi qu&#8217;une premi\u00e8re chambre. Le mur s\u00e9parant la cuisine du s\u00e9jour peut \u00eatre ouvert afin d&#8217;imaginer un espace de vie encore plus convivial. <\/p>\n<p>\u00c0 l&#8217;\u00e9tage, un second s\u00e9jour, trois chambres de dimensions similaires et une salle de bain offrent une distribution particuli\u00e8rement confortable. Selon les besoins, le s\u00e9jour sup\u00e9rieur peut facilement devenir une cinqui\u00e8me chambre, tandis que les combles enti\u00e8rement am\u00e9nageables permettent d&#8217;envisager un espace suppl\u00e9mentaire. <\/p>\n<p>Deux terrasses, un vaste terrain, plusieurs stationnements et un chauffage au sol aliment\u00e9 par le r\u00e9seau de chaleur au bois compl\u00e8tent cette propri\u00e9t\u00e9 pens\u00e9e pour \u00e9voluer avec ses futurs occupants.Ici, aucun souhait ne reste inassouvi. Profitez-en et venez vous en convaincre par vous-m\u00eame !Cette offre PREMIUM HOMES vous propose :<\/p>\n<ul>\n<li>Quartier r\u00e9sidentiel calme<\/li>\n<li>Environnement verdoyant<\/li>\n<li>Po\u00eale su\u00e9dois<\/li>\n<li>Chauffage au sol<\/li>\n<li>Aspirateur Centrale<\/li>\n<li>4 chambres de 13 \u00e0 14 m\u00b2<\/li>\n<li>5e chambre facilement r\u00e9alisable<\/li>\n<li>Combles am\u00e9nageables<\/li>\n<li>2 terrasses<\/li>\n<li>Terrain de 540 m\u00b2<\/li>\n<li>Espaces ext\u00e9rieurs privatifs<\/li>\n<li>Surface habitable: 145 m\u00b2<\/li>\n<li>2 places de garage + 2 places ext\u00e9rieures<\/li>\n<\/ul>\n<p>Int\u00e9ress\u00e9(e) ? Nous nous ferons un plaisir de vous faire visiter le bien lors d&#8221;une visite sans engagement !Vous souhaitez vendre votre maison ou votre appartement en toute s\u00e9r\u00e9nit\u00e9 ? Nous vous indiquons la valeur actuelle de votre bien immobilier, en toute discr\u00e9tion et sans engagement !\u00cates-vous int\u00e9ress\u00e9(e) par un premier \u00e9change sans engagement ? N&#8221;h\u00e9sitez pas \u00e0 nous contacter. Nous nous r\u00e9jouissons de votre prise de contact.<\/p>\n","protected":false},"excerpt":{"rendered":"<p>Cette maison jumel\u00e9e s\u00e9duit par ses volumes g\u00e9n\u00e9reux, sa conception familiale et son remarquable potentiel d&#8217;\u00e9volution. Le rez-de-chauss\u00e9e r\u00e9unit une cuisine avec plan de travail en granit, un  \u2026<\/p>\n","protected":false},"author":0,"featured_media":349123,"parent":0,"menu_order":587,"comment_status":"closed","ping_status":"closed","template":"","meta":{"_acf_changed":false,"footnotes":""},"casawp_category":[734],"casawp_feature":[697,698],"casawp_utility":[699],"casawp_location":[702,833,1391],"casawp_salestype":[700],"casawp_availability":[701],"casawp_region":[],"class_list":["post-349122","casawp_property","type-casawp_property","status-publish","has-post-thumbnail","hentry","casawp_category-bifamiliar-house","casawp_feature-has-parking","casawp_feature-has-garage","casawp_utility-residential","casawp_location-country_ch","casawp_location-region_ne","casawp_location-locality_chezard-st-martin","casawp_salestype-buy","casawp_availability-active"],"acf":[],"yoast_head":"<!-- This site is optimized with the Yoast SEO plugin v28.4 - https:\/\/yoast.com\/product\/yoast-seo-wordpress\/ -->\n<title>Vie de famille, jardin et tranquillit\u00e9 - PREMIUM HOMES AG<\/title>\n<meta name=\"robots\" content=\"index, follow, max-snippet:-1, max-image-preview:large, max-video-preview:-1\" \/>\n<link rel=\"canonical\" href=\"https:\/\/premium-homes.ch\/en\/immobilien\/1793940en-vie-de-famille-jardin-et-tranquillite\/\" \/>\n<meta property=\"og:locale\" content=\"en_US\" \/>\n<meta property=\"og:type\" content=\"article\" \/>\n<meta property=\"og:title\" content=\"Vie de famille, jardin et tranquillit\u00e9 - PREMIUM HOMES AG\" \/>\n<meta property=\"og:description\" content=\"Cette maison jumel\u00e9e s\u00e9duit par ses volumes g\u00e9n\u00e9reux, sa conception familiale et son remarquable potentiel d&#039;\u00e9volution. Le rez-de-chauss\u00e9e r\u00e9unit une cuisine avec plan de travail en granit, un \u2026\" \/>\n<meta property=\"og:url\" content=\"https:\/\/premium-homes.ch\/en\/immobilien\/1793940en-vie-de-famille-jardin-et-tranquillite\/\" \/>\n<meta property=\"og:site_name\" content=\"PREMIUM HOMES AG\" \/>\n<meta property=\"article:publisher\" content=\"https:\/\/www.facebook.com\/PREMIUMHOMESAG\/\" \/>\n<meta property=\"article:modified_time\" content=\"2026-09-04T21:18:49+00:00\" \/>\n<meta name=\"twitter:card\" content=\"summary_large_image\" \/>\n<meta name=\"twitter:label1\" content=\"Est. reading time\" \/>\n\t<meta name=\"twitter:data1\" content=\"1 minute\" \/>\n<script type=\"application\/ld+json\" class=\"yoast-schema-graph\">{\"@context\":\"https:\\\/\\\/schema.org\",\"@graph\":[{\"@type\":\"WebPage\",\"@id\":\"https:\\\/\\\/premium-homes.ch\\\/en\\\/immobilien\\\/1793940en-vie-de-famille-jardin-et-tranquillite\\\/\",\"url\":\"https:\\\/\\\/premium-homes.ch\\\/en\\\/immobilien\\\/1793940en-vie-de-famille-jardin-et-tranquillite\\\/\",\"name\":\"Vie de famille, jardin et tranquillit\u00e9 - PREMIUM HOMES AG\",\"isPartOf\":{\"@id\":\"https:\\\/\\\/premium-homes.ch\\\/en\\\/#website\"},\"primaryImageOfPage\":{\"@id\":\"https:\\\/\\\/premium-homes.ch\\\/en\\\/immobilien\\\/1793940en-vie-de-famille-jardin-et-tranquillite\\\/#primaryimage\"},\"image\":{\"@id\":\"https:\\\/\\\/premium-homes.ch\\\/en\\\/immobilien\\\/1793940en-vie-de-famille-jardin-et-tranquillite\\\/#primaryimage\"},\"thumbnailUrl\":\"https:\\\/\\\/cdn.casasoft.com\\\/media\\\/provider-11189\\\/property-1793940\\\/0D22BF0913A5C23A55028140435857C36E64E289.jpeg?p=xl\",\"datePublished\":\"2026-09-03T18:53:19+00:00\",\"dateModified\":\"2026-09-04T21:18:49+00:00\",\"breadcrumb\":{\"@id\":\"https:\\\/\\\/premium-homes.ch\\\/en\\\/immobilien\\\/1793940en-vie-de-famille-jardin-et-tranquillite\\\/#breadcrumb\"},\"inLanguage\":\"en-US\",\"potentialAction\":[{\"@type\":\"ReadAction\",\"target\":[\"https:\\\/\\\/premium-homes.ch\\\/en\\\/immobilien\\\/1793940en-vie-de-famille-jardin-et-tranquillite\\\/\"]}]},{\"@type\":\"ImageObject\",\"inLanguage\":\"en-US\",\"@id\":\"https:\\\/\\\/premium-homes.ch\\\/en\\\/immobilien\\\/1793940en-vie-de-famille-jardin-et-tranquillite\\\/#primaryimage\",\"url\":\"https:\\\/\\\/cdn.casasoft.com\\\/media\\\/provider-11189\\\/property-1793940\\\/0D22BF0913A5C23A55028140435857C36E64E289.jpeg?p=xl\",\"contentUrl\":\"https:\\\/\\\/cdn.casasoft.com\\\/media\\\/provider-11189\\\/property-1793940\\\/0D22BF0913A5C23A55028140435857C36E64E289.jpeg?p=xl\"},{\"@type\":\"BreadcrumbList\",\"@id\":\"https:\\\/\\\/premium-homes.ch\\\/en\\\/immobilien\\\/1793940en-vie-de-famille-jardin-et-tranquillite\\\/#breadcrumb\",\"itemListElement\":[{\"@type\":\"ListItem\",\"position\":1,\"name\":\"Home\",\"item\":\"https:\\\/\\\/premium-homes.ch\\\/en\\\/\"},{\"@type\":\"ListItem\",\"position\":2,\"name\":\"Properties\",\"item\":\"https:\\\/\\\/premium-homes.ch\\\/en\\\/immobilien\\\/\"},{\"@type\":\"ListItem\",\"position\":3,\"name\":\"Vie de famille, jardin et tranquillit\u00e9\"}]},{\"@type\":\"WebSite\",\"@id\":\"https:\\\/\\\/premium-homes.ch\\\/en\\\/#website\",\"url\":\"https:\\\/\\\/premium-homes.ch\\\/en\\\/\",\"name\":\"PREMIUM HOMES AG\",\"description\":\"PREMIUM HOMES AG in Gerlafingen und Baar\",\"publisher\":{\"@id\":\"https:\\\/\\\/premium-homes.ch\\\/en\\\/#organization\"},\"potentialAction\":[{\"@type\":\"SearchAction\",\"target\":{\"@type\":\"EntryPoint\",\"urlTemplate\":\"https:\\\/\\\/premium-homes.ch\\\/en\\\/?s={search_term_string}\"},\"query-input\":{\"@type\":\"PropertyValueSpecification\",\"valueRequired\":true,\"valueName\":\"search_term_string\"}}],\"inLanguage\":\"en-US\"},{\"@type\":\"Organization\",\"@id\":\"https:\\\/\\\/premium-homes.ch\\\/en\\\/#organization\",\"name\":\"PREMIUM HOMES AG\",\"url\":\"https:\\\/\\\/premium-homes.ch\\\/en\\\/\",\"logo\":{\"@type\":\"ImageObject\",\"inLanguage\":\"en-US\",\"@id\":\"https:\\\/\\\/premium-homes.ch\\\/en\\\/#\\\/schema\\\/logo\\\/image\\\/\",\"url\":\"https:\\\/\\\/premium-homes.ch\\\/wp-content\\\/uploads\\\/2025\\\/11\\\/logo-1.svg\",\"contentUrl\":\"https:\\\/\\\/premium-homes.ch\\\/wp-content\\\/uploads\\\/2025\\\/11\\\/logo-1.svg\",\"width\":1,\"height\":1,\"caption\":\"PREMIUM HOMES AG\"},\"image\":{\"@id\":\"https:\\\/\\\/premium-homes.ch\\\/en\\\/#\\\/schema\\\/logo\\\/image\\\/\"},\"sameAs\":[\"https:\\\/\\\/www.facebook.com\\\/PREMIUMHOMESAG\\\/\",\"https:\\\/\\\/www.linkedin.com\\\/company\\\/premium-homes-ag\\\/\",\"https:\\\/\\\/www.instagram.com\\\/premiumhomesag\\\/\",\"https:\\\/\\\/www.tiktok.com\\\/@premiumhomesag\",\"https:\\\/\\\/www.youtube.com\\\/@premiumhomesag73\"]}]}<\/script>\n<!-- \/ Yoast SEO plugin. -->","yoast_head_json":{"title":"Vie de famille, jardin et tranquillit\u00e9 - PREMIUM HOMES AG","robots":{"index":"index","follow":"follow","max-snippet":"max-snippet:-1","max-image-preview":"max-image-preview:large","max-video-preview":"max-video-preview:-1"},"canonical":"https:\/\/premium-homes.ch\/en\/immobilien\/1793940en-vie-de-famille-jardin-et-tranquillite\/","og_locale":"en_US","og_type":"article","og_title":"Vie de famille, jardin et tranquillit\u00e9 - PREMIUM HOMES AG","og_description":"Cette maison jumel\u00e9e s\u00e9duit par ses volumes g\u00e9n\u00e9reux, sa conception familiale et son remarquable potentiel d'\u00e9volution. Le rez-de-chauss\u00e9e r\u00e9unit une cuisine avec plan de travail en granit, un \u2026","og_url":"https:\/\/premium-homes.ch\/en\/immobilien\/1793940en-vie-de-famille-jardin-et-tranquillite\/","og_site_name":"PREMIUM HOMES AG","article_publisher":"https:\/\/www.facebook.com\/PREMIUMHOMESAG\/","article_modified_time":"2026-09-04T21:18:49+00:00","twitter_card":"summary_large_image","twitter_misc":{"Est. reading time":"1 minute"},"schema":{"@context":"https:\/\/schema.org","@graph":[{"@type":"WebPage","@id":"https:\/\/premium-homes.ch\/en\/immobilien\/1793940en-vie-de-famille-jardin-et-tranquillite\/","url":"https:\/\/premium-homes.ch\/en\/immobilien\/1793940en-vie-de-famille-jardin-et-tranquillite\/","name":"Vie de famille, jardin et tranquillit\u00e9 - PREMIUM HOMES AG","isPartOf":{"@id":"https:\/\/premium-homes.ch\/en\/#website"},"primaryImageOfPage":{"@id":"https:\/\/premium-homes.ch\/en\/immobilien\/1793940en-vie-de-famille-jardin-et-tranquillite\/#primaryimage"},"image":{"@id":"https:\/\/premium-homes.ch\/en\/immobilien\/1793940en-vie-de-famille-jardin-et-tranquillite\/#primaryimage"},"thumbnailUrl":"https:\/\/cdn.casasoft.com\/media\/provider-11189\/property-1793940\/0D22BF0913A5C23A55028140435857C36E64E289.jpeg?p=xl","datePublished":"2026-09-03T18:53:19+00:00","dateModified":"2026-09-04T21:18:49+00:00","breadcrumb":{"@id":"https:\/\/premium-homes.ch\/en\/immobilien\/1793940en-vie-de-famille-jardin-et-tranquillite\/#breadcrumb"},"inLanguage":"en-US","potentialAction":[{"@type":"ReadAction","target":["https:\/\/premium-homes.ch\/en\/immobilien\/1793940en-vie-de-famille-jardin-et-tranquillite\/"]}]},{"@type":"ImageObject","inLanguage":"en-US","@id":"https:\/\/premium-homes.ch\/en\/immobilien\/1793940en-vie-de-famille-jardin-et-tranquillite\/#primaryimage","url":"https:\/\/cdn.casasoft.com\/media\/provider-11189\/property-1793940\/0D22BF0913A5C23A55028140435857C36E64E289.jpeg?p=xl","contentUrl":"https:\/\/cdn.casasoft.com\/media\/provider-11189\/property-1793940\/0D22BF0913A5C23A55028140435857C36E64E289.jpeg?p=xl"},{"@type":"BreadcrumbList","@id":"https:\/\/premium-homes.ch\/en\/immobilien\/1793940en-vie-de-famille-jardin-et-tranquillite\/#breadcrumb","itemListElement":[{"@type":"ListItem","position":1,"name":"Home","item":"https:\/\/premium-homes.ch\/en\/"},{"@type":"ListItem","position":2,"name":"Properties","item":"https:\/\/premium-homes.ch\/en\/immobilien\/"},{"@type":"ListItem","position":3,"name":"Vie de famille, jardin et tranquillit\u00e9"}]},{"@type":"WebSite","@id":"https:\/\/premium-homes.ch\/en\/#website","url":"https:\/\/premium-homes.ch\/en\/","name":"PREMIUM HOMES AG","description":"PREMIUM HOMES AG in Gerlafingen und Baar","publisher":{"@id":"https:\/\/premium-homes.ch\/en\/#organization"},"potentialAction":[{"@type":"SearchAction","target":{"@type":"EntryPoint","urlTemplate":"https:\/\/premium-homes.ch\/en\/?s={search_term_string}"},"query-input":{"@type":"PropertyValueSpecification","valueRequired":true,"valueName":"search_term_string"}}],"inLanguage":"en-US"},{"@type":"Organization","@id":"https:\/\/premium-homes.ch\/en\/#organization","name":"PREMIUM HOMES AG","url":"https:\/\/premium-homes.ch\/en\/","logo":{"@type":"ImageObject","inLanguage":"en-US","@id":"https:\/\/premium-homes.ch\/en\/#\/schema\/logo\/image\/","url":"https:\/\/premium-homes.ch\/wp-content\/uploads\/2025\/11\/logo-1.svg","contentUrl":"https:\/\/premium-homes.ch\/wp-content\/uploads\/2025\/11\/logo-1.svg","width":1,"height":1,"caption":"PREMIUM HOMES AG"},"image":{"@id":"https:\/\/premium-homes.ch\/en\/#\/schema\/logo\/image\/"},"sameAs":["https:\/\/www.facebook.com\/PREMIUMHOMESAG\/","https:\/\/www.linkedin.com\/company\/premium-homes-ag\/","https:\/\/www.instagram.com\/premiumhomesag\/","https:\/\/www.tiktok.com\/@premiumhomesag","https:\/\/www.youtube.com\/@premiumhomesag73"]}]}},"_links":{"self":[{"href":"https:\/\/premium-homes.ch\/en\/wp-json\/wp\/v2\/casawp_property\/349122","targetHints":{"allow":["GET"]}}],"collection":[{"href":"https:\/\/premium-homes.ch\/en\/wp-json\/wp\/v2\/casawp_property"}],"about":[{"href":"https:\/\/premium-homes.ch\/en\/wp-json\/wp\/v2\/types\/casawp_property"}],"replies":[{"embeddable":true,"href":"https:\/\/premium-homes.ch\/en\/wp-json\/wp\/v2\/comments?post=349122"}],"version-history":[{"count":0,"href":"https:\/\/premium-homes.ch\/en\/wp-json\/wp\/v2\/casawp_property\/349122\/revisions"}],"wp:featuredmedia":[{"embeddable":true,"href":"https:\/\/premium-homes.ch\/en\/wp-json\/wp\/v2\/media\/349123"}],"wp:attachment":[{"href":"https:\/\/premium-homes.ch\/en\/wp-json\/wp\/v2\/media?parent=349122"}],"wp:term":[{"taxonomy":"casawp_category","embeddable":true,"href":"https:\/\/premium-homes.ch\/en\/wp-json\/wp\/v2\/casawp_category?post=349122"},{"taxonomy":"casawp_feature","embeddable":true,"href":"https:\/\/premium-homes.ch\/en\/wp-json\/wp\/v2\/casawp_feature?post=349122"},{"taxonomy":"casawp_utility","embeddable":true,"href":"https:\/\/premium-homes.ch\/en\/wp-json\/wp\/v2\/casawp_utility?post=349122"},{"taxonomy":"casawp_location","embeddable":true,"href":"https:\/\/premium-homes.ch\/en\/wp-json\/wp\/v2\/casawp_location?post=349122"},{"taxonomy":"casawp_salestype","embeddable":true,"href":"https:\/\/premium-homes.ch\/en\/wp-json\/wp\/v2\/casawp_salestype?post=349122"},{"taxonomy":"casawp_availability","embeddable":true,"href":"https:\/\/premium-homes.ch\/en\/wp-json\/wp\/v2\/casawp_availability?post=349122"},{"taxonomy":"casawp_region","embeddable":true,"href":"https:\/\/premium-homes.ch\/en\/wp-json\/wp\/v2\/casawp_region?post=349122"}],"curies":[{"name":"wp","href":"https:\/\/api.w.org\/{rel}","templated":true}]}}