{"id":238310,"date":"2026-04-24T18:26:02","date_gmt":"2026-04-24T16:26:02","guid":{"rendered":"https:\/\/premium-homes.ch\/immobilien\/1739129en-ferienwohnung-zwischen-saanen-und-gstaad\/"},"modified":"2026-04-29T02:51:59","modified_gmt":"2026-04-29T00:51:59","slug":"1739129en-ferienwohnung-zwischen-saanen-und-gstaad","status":"publish","type":"casawp_property","link":"https:\/\/premium-homes.ch\/en\/immobilien\/1739129en-ferienwohnung-zwischen-saanen-und-gstaad\/","title":{"rendered":"Ferienwohnung zwischen Saanen und Gstaad!"},"content":{"rendered":"<p>Im sonnigen Wyssm\u00fclleri befindet sich diese gepflegte und praktische Dachwohnung zentral zwischen Saanen und Gstaad. Die Immobilie kann als Erst- oder als Zweitwohnung erworben werden und stellt daher eine sichere Geldanlage im umk\u00e4mpften Saanenland-Markt dar. Dar\u00fcber hinaus k\u00f6nnen Sie die Wohnung einfach w\u00e4hrend Ihrer Abwesenheit oder auch dauerhaft kurzfristig (Airbnb) oder langfristig vermieten, was wiederum die Renditechancen nochmals unterstreicht. Durch die perfekte Lage eignet sich dieses Wohnobjekt auch ideal f\u00fcr die Unterkunft f\u00fcr Freunde, Familie oder Mitarbeiter. <\/p>\n<p>Das Appartement liegt 4 Autominuten von der Promenade von Gstaad als auch von Saanen nahe und ist durch die S\u00fcdlage durchgehend sonnenverw\u00f6hnt. <\/p>\n<p>Die Maisonette wurde laufend modernisiert und aufgefrischt, sodass keine Erneuerungen erforderlich sind und Sie sie ohne Weiteres beziehen oder vermieten k\u00f6nnen.<\/p>\n<p>Die Sache ist klar: Im gesamten Saanenland werden Zweitwohnsitze von Jahr zu Jahr weniger. Das hier ist also eine echte Goldgelegenheit!\u00a0<\/p>\n<p>Vereinbaren Sie heute einen Besichtigungstermin und sichern Sie sich die Gelegenheit!  Hier werden also keine W\u00fcnsche offen gelassen. Profitieren Sie und \u00fcberzeugen Sie sich selbst! Dieses PREMIUM HOMES Angebot bietet:<\/p>\n<ul>\n<li>Zweitwohnsitz oder Airbnb m\u00f6glich<\/li>\n<li>Sch\u00f6ne Weitsicht<\/li>\n<li>4 Autominuten vom Zentrum Gstaad und Saanen<\/li>\n<li>Guter und gepflegter Zustand\/ Bezugsbereit<\/li>\n<li>2.5-Zimmer + 13\u00a0m\u00b2 Zimmer im Sondernutzrecht + 13.4 m\u00b2 Dachzimmer<\/li>\n<li>Moderne, ger\u00e4umige K\u00fcche<\/li>\n<li>Viel Tageslicht dank Dachfenster und S\u00fcdausrichtung<\/li>\n<li>Eingangsbereich mit grossz\u00fcgiger Garderobe<\/li>\n<li>Offener Wohn- und Essbereich mit hohen Decken<\/li>\n<li>Wundersch\u00f6nes Chemin\u00e9e<\/li>\n<li>6,5\u00a0m\u00b2 grosser S\u00fcdbalkon<\/li>\n<li>Bruttowohnfl\u00e4che 81 m\u00b2<\/li>\n<li>Nettowohnfl\u00e4che 68 m\u00b2<\/li>\n<li>Ideale Unterkunft f\u00fcr Freunde, Familie oder Mitarbeiter<\/li>\n<li>Garagenbox exkl. CHF 45&#8217;000.-<\/li>\n<\/ul>\n<p>Interessiert? Gerne f\u00fchren wir Sie durch eine unverbindliche Besichtigung! Sie wollen Ihr Haus oder Ihre Wohnung sorgenfrei verkaufen? Wir sagen Ihnen den aktuellen Marktwert Ihrer Immobilie, diskret und unverbindlich! Haben Sie Interesse an einem ersten unverbindlichen Gedankenaustausch? Z\u00f6gern Sie nicht und kontaktieren Sie uns. Wir freuen uns auf Sie.<\/p>\n","protected":false},"excerpt":{"rendered":"<p>Im sonnigen Wyssm\u00fclleri befindet sich diese gepflegte und praktische Dachwohnung zentral zwischen Saanen und Gstaad. Die Immobilie kann als Erst- oder als Zweitwohnung erworben werden und stellt dahe \u2026<\/p>\n","protected":false},"author":0,"featured_media":238311,"parent":0,"menu_order":348,"comment_status":"closed","ping_status":"closed","template":"","meta":{"_acf_changed":false,"footnotes":""},"casawp_category":[705],"casawp_feature":[697,698],"casawp_utility":[699],"casawp_location":[702,703,822],"casawp_salestype":[700],"casawp_availability":[701],"casawp_region":[],"class_list":["post-238310","casawp_property","type-casawp_property","status-publish","has-post-thumbnail","hentry","casawp_category-apartment","casawp_feature-has-parking","casawp_feature-has-garage","casawp_utility-residential","casawp_location-country_ch","casawp_location-region_be","casawp_location-locality_saanen","casawp_salestype-buy","casawp_availability-active"],"acf":[],"yoast_head":"<!-- This site is optimized with the Yoast SEO plugin v27.5 - https:\/\/yoast.com\/product\/yoast-seo-wordpress\/ -->\n<title>Ferienwohnung zwischen Saanen und Gstaad! - PREMIUM HOMES AG<\/title>\n<meta name=\"robots\" content=\"noindex, follow, max-snippet:-1, max-image-preview:large, max-video-preview:-1\" \/>\n<meta property=\"og:locale\" content=\"en_US\" \/>\n<meta property=\"og:type\" content=\"article\" \/>\n<meta property=\"og:title\" content=\"Ferienwohnung zwischen Saanen und Gstaad! - PREMIUM HOMES AG\" \/>\n<meta property=\"og:description\" content=\"Im sonnigen Wyssm\u00fclleri befindet sich diese gepflegte und praktische Dachwohnung zentral zwischen Saanen und Gstaad. Die Immobilie kann als Erst- oder als Zweitwohnung erworben werden und stellt dahe \u2026\" \/>\n<meta property=\"og:url\" content=\"https:\/\/premium-homes.ch\/en\/immobilien\/1739129en-ferienwohnung-zwischen-saanen-und-gstaad\/\" \/>\n<meta property=\"og:site_name\" content=\"PREMIUM HOMES AG\" \/>\n<meta property=\"article:publisher\" content=\"https:\/\/www.facebook.com\/PREMIUMHOMESAG\/\" \/>\n<meta property=\"article:modified_time\" content=\"2026-04-29T00:51:59+00:00\" \/>\n<meta name=\"twitter:card\" content=\"summary_large_image\" \/>\n<meta name=\"twitter:label1\" content=\"Est. reading time\" \/>\n\t<meta name=\"twitter:data1\" content=\"1 minute\" \/>\n<script type=\"application\/ld+json\" class=\"yoast-schema-graph\">{\"@context\":\"https:\\\/\\\/schema.org\",\"@graph\":[{\"@type\":\"WebPage\",\"@id\":\"https:\\\/\\\/premium-homes.ch\\\/en\\\/immobilien\\\/1739129en-ferienwohnung-zwischen-saanen-und-gstaad\\\/\",\"url\":\"https:\\\/\\\/premium-homes.ch\\\/en\\\/immobilien\\\/1739129en-ferienwohnung-zwischen-saanen-und-gstaad\\\/\",\"name\":\"Ferienwohnung zwischen Saanen und Gstaad! - PREMIUM HOMES AG\",\"isPartOf\":{\"@id\":\"https:\\\/\\\/premium-homes.ch\\\/en\\\/#website\"},\"primaryImageOfPage\":{\"@id\":\"https:\\\/\\\/premium-homes.ch\\\/en\\\/immobilien\\\/1739129en-ferienwohnung-zwischen-saanen-und-gstaad\\\/#primaryimage\"},\"image\":{\"@id\":\"https:\\\/\\\/premium-homes.ch\\\/en\\\/immobilien\\\/1739129en-ferienwohnung-zwischen-saanen-und-gstaad\\\/#primaryimage\"},\"thumbnailUrl\":\"https:\\\/\\\/cdn.casasoft.com\\\/media\\\/provider-11189\\\/property-1651466\\\/30720ee9-87bd-4b84-ba22-ed99f622e46b.jpeg?p=xl\",\"datePublished\":\"2026-04-24T16:26:02+00:00\",\"dateModified\":\"2026-04-29T00:51:59+00:00\",\"breadcrumb\":{\"@id\":\"https:\\\/\\\/premium-homes.ch\\\/en\\\/immobilien\\\/1739129en-ferienwohnung-zwischen-saanen-und-gstaad\\\/#breadcrumb\"},\"inLanguage\":\"en-US\",\"potentialAction\":[{\"@type\":\"ReadAction\",\"target\":[\"https:\\\/\\\/premium-homes.ch\\\/en\\\/immobilien\\\/1739129en-ferienwohnung-zwischen-saanen-und-gstaad\\\/\"]}]},{\"@type\":\"ImageObject\",\"inLanguage\":\"en-US\",\"@id\":\"https:\\\/\\\/premium-homes.ch\\\/en\\\/immobilien\\\/1739129en-ferienwohnung-zwischen-saanen-und-gstaad\\\/#primaryimage\",\"url\":\"https:\\\/\\\/cdn.casasoft.com\\\/media\\\/provider-11189\\\/property-1651466\\\/30720ee9-87bd-4b84-ba22-ed99f622e46b.jpeg?p=xl\",\"contentUrl\":\"https:\\\/\\\/cdn.casasoft.com\\\/media\\\/provider-11189\\\/property-1651466\\\/30720ee9-87bd-4b84-ba22-ed99f622e46b.jpeg?p=xl\"},{\"@type\":\"BreadcrumbList\",\"@id\":\"https:\\\/\\\/premium-homes.ch\\\/en\\\/immobilien\\\/1739129en-ferienwohnung-zwischen-saanen-und-gstaad\\\/#breadcrumb\",\"itemListElement\":[{\"@type\":\"ListItem\",\"position\":1,\"name\":\"Home\",\"item\":\"https:\\\/\\\/premium-homes.ch\\\/en\\\/\"},{\"@type\":\"ListItem\",\"position\":2,\"name\":\"Properties\",\"item\":\"https:\\\/\\\/premium-homes.ch\\\/en\\\/immobilien\\\/\"},{\"@type\":\"ListItem\",\"position\":3,\"name\":\"Ferienwohnung zwischen Saanen und Gstaad!\"}]},{\"@type\":\"WebSite\",\"@id\":\"https:\\\/\\\/premium-homes.ch\\\/en\\\/#website\",\"url\":\"https:\\\/\\\/premium-homes.ch\\\/en\\\/\",\"name\":\"PREMIUM HOMES AG\",\"description\":\"PREMIUM HOMES AG in Gerlafingen und Baar\",\"publisher\":{\"@id\":\"https:\\\/\\\/premium-homes.ch\\\/en\\\/#organization\"},\"potentialAction\":[{\"@type\":\"SearchAction\",\"target\":{\"@type\":\"EntryPoint\",\"urlTemplate\":\"https:\\\/\\\/premium-homes.ch\\\/en\\\/?s={search_term_string}\"},\"query-input\":{\"@type\":\"PropertyValueSpecification\",\"valueRequired\":true,\"valueName\":\"search_term_string\"}}],\"inLanguage\":\"en-US\"},{\"@type\":\"Organization\",\"@id\":\"https:\\\/\\\/premium-homes.ch\\\/en\\\/#organization\",\"name\":\"PREMIUM HOMES AG\",\"url\":\"https:\\\/\\\/premium-homes.ch\\\/en\\\/\",\"logo\":{\"@type\":\"ImageObject\",\"inLanguage\":\"en-US\",\"@id\":\"https:\\\/\\\/premium-homes.ch\\\/en\\\/#\\\/schema\\\/logo\\\/image\\\/\",\"url\":\"https:\\\/\\\/premium-homes.ch\\\/wp-content\\\/uploads\\\/2025\\\/11\\\/logo-1.svg\",\"contentUrl\":\"https:\\\/\\\/premium-homes.ch\\\/wp-content\\\/uploads\\\/2025\\\/11\\\/logo-1.svg\",\"width\":1,\"height\":1,\"caption\":\"PREMIUM HOMES AG\"},\"image\":{\"@id\":\"https:\\\/\\\/premium-homes.ch\\\/en\\\/#\\\/schema\\\/logo\\\/image\\\/\"},\"sameAs\":[\"https:\\\/\\\/www.facebook.com\\\/PREMIUMHOMESAG\\\/\",\"https:\\\/\\\/www.linkedin.com\\\/company\\\/premium-homes-ag\\\/\",\"https:\\\/\\\/www.instagram.com\\\/premiumhomesag\\\/\",\"https:\\\/\\\/www.tiktok.com\\\/@premiumhomesag\",\"https:\\\/\\\/www.youtube.com\\\/@premiumhomesag73\"]}]}<\/script>\n<!-- \/ Yoast SEO plugin. -->","yoast_head_json":{"title":"Ferienwohnung zwischen Saanen und Gstaad! - PREMIUM HOMES AG","robots":{"index":"noindex","follow":"follow","max-snippet":"max-snippet:-1","max-image-preview":"max-image-preview:large","max-video-preview":"max-video-preview:-1"},"og_locale":"en_US","og_type":"article","og_title":"Ferienwohnung zwischen Saanen und Gstaad! - PREMIUM HOMES AG","og_description":"Im sonnigen Wyssm\u00fclleri befindet sich diese gepflegte und praktische Dachwohnung zentral zwischen Saanen und Gstaad. Die Immobilie kann als Erst- oder als Zweitwohnung erworben werden und stellt dahe \u2026","og_url":"https:\/\/premium-homes.ch\/en\/immobilien\/1739129en-ferienwohnung-zwischen-saanen-und-gstaad\/","og_site_name":"PREMIUM HOMES AG","article_publisher":"https:\/\/www.facebook.com\/PREMIUMHOMESAG\/","article_modified_time":"2026-04-29T00:51:59+00:00","twitter_card":"summary_large_image","twitter_misc":{"Est. reading time":"1 minute"},"schema":{"@context":"https:\/\/schema.org","@graph":[{"@type":"WebPage","@id":"https:\/\/premium-homes.ch\/en\/immobilien\/1739129en-ferienwohnung-zwischen-saanen-und-gstaad\/","url":"https:\/\/premium-homes.ch\/en\/immobilien\/1739129en-ferienwohnung-zwischen-saanen-und-gstaad\/","name":"Ferienwohnung zwischen Saanen und Gstaad! - PREMIUM HOMES AG","isPartOf":{"@id":"https:\/\/premium-homes.ch\/en\/#website"},"primaryImageOfPage":{"@id":"https:\/\/premium-homes.ch\/en\/immobilien\/1739129en-ferienwohnung-zwischen-saanen-und-gstaad\/#primaryimage"},"image":{"@id":"https:\/\/premium-homes.ch\/en\/immobilien\/1739129en-ferienwohnung-zwischen-saanen-und-gstaad\/#primaryimage"},"thumbnailUrl":"https:\/\/cdn.casasoft.com\/media\/provider-11189\/property-1651466\/30720ee9-87bd-4b84-ba22-ed99f622e46b.jpeg?p=xl","datePublished":"2026-04-24T16:26:02+00:00","dateModified":"2026-04-29T00:51:59+00:00","breadcrumb":{"@id":"https:\/\/premium-homes.ch\/en\/immobilien\/1739129en-ferienwohnung-zwischen-saanen-und-gstaad\/#breadcrumb"},"inLanguage":"en-US","potentialAction":[{"@type":"ReadAction","target":["https:\/\/premium-homes.ch\/en\/immobilien\/1739129en-ferienwohnung-zwischen-saanen-und-gstaad\/"]}]},{"@type":"ImageObject","inLanguage":"en-US","@id":"https:\/\/premium-homes.ch\/en\/immobilien\/1739129en-ferienwohnung-zwischen-saanen-und-gstaad\/#primaryimage","url":"https:\/\/cdn.casasoft.com\/media\/provider-11189\/property-1651466\/30720ee9-87bd-4b84-ba22-ed99f622e46b.jpeg?p=xl","contentUrl":"https:\/\/cdn.casasoft.com\/media\/provider-11189\/property-1651466\/30720ee9-87bd-4b84-ba22-ed99f622e46b.jpeg?p=xl"},{"@type":"BreadcrumbList","@id":"https:\/\/premium-homes.ch\/en\/immobilien\/1739129en-ferienwohnung-zwischen-saanen-und-gstaad\/#breadcrumb","itemListElement":[{"@type":"ListItem","position":1,"name":"Home","item":"https:\/\/premium-homes.ch\/en\/"},{"@type":"ListItem","position":2,"name":"Properties","item":"https:\/\/premium-homes.ch\/en\/immobilien\/"},{"@type":"ListItem","position":3,"name":"Ferienwohnung zwischen Saanen und Gstaad!"}]},{"@type":"WebSite","@id":"https:\/\/premium-homes.ch\/en\/#website","url":"https:\/\/premium-homes.ch\/en\/","name":"PREMIUM HOMES AG","description":"PREMIUM HOMES AG in Gerlafingen und Baar","publisher":{"@id":"https:\/\/premium-homes.ch\/en\/#organization"},"potentialAction":[{"@type":"SearchAction","target":{"@type":"EntryPoint","urlTemplate":"https:\/\/premium-homes.ch\/en\/?s={search_term_string}"},"query-input":{"@type":"PropertyValueSpecification","valueRequired":true,"valueName":"search_term_string"}}],"inLanguage":"en-US"},{"@type":"Organization","@id":"https:\/\/premium-homes.ch\/en\/#organization","name":"PREMIUM HOMES AG","url":"https:\/\/premium-homes.ch\/en\/","logo":{"@type":"ImageObject","inLanguage":"en-US","@id":"https:\/\/premium-homes.ch\/en\/#\/schema\/logo\/image\/","url":"https:\/\/premium-homes.ch\/wp-content\/uploads\/2025\/11\/logo-1.svg","contentUrl":"https:\/\/premium-homes.ch\/wp-content\/uploads\/2025\/11\/logo-1.svg","width":1,"height":1,"caption":"PREMIUM HOMES AG"},"image":{"@id":"https:\/\/premium-homes.ch\/en\/#\/schema\/logo\/image\/"},"sameAs":["https:\/\/www.facebook.com\/PREMIUMHOMESAG\/","https:\/\/www.linkedin.com\/company\/premium-homes-ag\/","https:\/\/www.instagram.com\/premiumhomesag\/","https:\/\/www.tiktok.com\/@premiumhomesag","https:\/\/www.youtube.com\/@premiumhomesag73"]}]}},"_links":{"self":[{"href":"https:\/\/premium-homes.ch\/en\/wp-json\/wp\/v2\/casawp_property\/238310","targetHints":{"allow":["GET"]}}],"collection":[{"href":"https:\/\/premium-homes.ch\/en\/wp-json\/wp\/v2\/casawp_property"}],"about":[{"href":"https:\/\/premium-homes.ch\/en\/wp-json\/wp\/v2\/types\/casawp_property"}],"replies":[{"embeddable":true,"href":"https:\/\/premium-homes.ch\/en\/wp-json\/wp\/v2\/comments?post=238310"}],"version-history":[{"count":0,"href":"https:\/\/premium-homes.ch\/en\/wp-json\/wp\/v2\/casawp_property\/238310\/revisions"}],"wp:featuredmedia":[{"embeddable":true,"href":"https:\/\/premium-homes.ch\/en\/wp-json\/wp\/v2\/media\/238311"}],"wp:attachment":[{"href":"https:\/\/premium-homes.ch\/en\/wp-json\/wp\/v2\/media?parent=238310"}],"wp:term":[{"taxonomy":"casawp_category","embeddable":true,"href":"https:\/\/premium-homes.ch\/en\/wp-json\/wp\/v2\/casawp_category?post=238310"},{"taxonomy":"casawp_feature","embeddable":true,"href":"https:\/\/premium-homes.ch\/en\/wp-json\/wp\/v2\/casawp_feature?post=238310"},{"taxonomy":"casawp_utility","embeddable":true,"href":"https:\/\/premium-homes.ch\/en\/wp-json\/wp\/v2\/casawp_utility?post=238310"},{"taxonomy":"casawp_location","embeddable":true,"href":"https:\/\/premium-homes.ch\/en\/wp-json\/wp\/v2\/casawp_location?post=238310"},{"taxonomy":"casawp_salestype","embeddable":true,"href":"https:\/\/premium-homes.ch\/en\/wp-json\/wp\/v2\/casawp_salestype?post=238310"},{"taxonomy":"casawp_availability","embeddable":true,"href":"https:\/\/premium-homes.ch\/en\/wp-json\/wp\/v2\/casawp_availability?post=238310"},{"taxonomy":"casawp_region","embeddable":true,"href":"https:\/\/premium-homes.ch\/en\/wp-json\/wp\/v2\/casawp_region?post=238310"}],"curies":[{"name":"wp","href":"https:\/\/api.w.org\/{rel}","templated":true}]}}